{"id":8736,"date":"2025-11-09T17:54:29","date_gmt":"2025-11-09T16:54:29","guid":{"rendered":"https:\/\/majacronert.com\/project\/1920-talets-art-deco-vardagsrum\/"},"modified":"2025-11-09T18:51:02","modified_gmt":"2025-11-09T17:51:02","slug":"1920-talets-art-deco-vardagsrum","status":"publish","type":"project","link":"https:\/\/majacronert.com\/sv\/project\/1920-talets-art-deco-vardagsrum\/","title":{"rendered":"1920-talets art deco-vardagsrum"},"content":{"rendered":"<p>[et_pb_section fb_built=&#8221;1&#8243; custom_padding_last_edited=&#8221;on|tablet&#8221; disabled_on=&#8221;off|off|off&#8221; admin_label=&#8221;Section&#8221; _builder_version=&#8221;4.27.4&#8243; _dynamic_attributes=&#8221;background_image&#8221; _module_preset=&#8221;default&#8221; background_image=&#8221;@ET-DC@eyJkeW5hbWljIjp0cnVlLCJjb250ZW50IjoicG9zdF9mZWF0dXJlZF9pbWFnZSIsInNldHRpbmdzIjp7fX0=@&#8221; min_height_last_edited=&#8221;off|desktop&#8221; height=&#8221;600px&#8221; height_tablet=&#8221;600px&#8221; height_phone=&#8221;280px&#8221; height_last_edited=&#8221;on|tablet&#8221; custom_margin=&#8221;0px||0px||false|false&#8221; custom_padding=&#8221;90px||60px||false|false&#8221; custom_padding_tablet=&#8221;60px||60px||false|false&#8221; custom_padding_phone=&#8221;||60px||false|false&#8221; border_width_bottom=&#8221;1px&#8221; global_colors_info=&#8221;{}&#8221;][\/et_pb_section][et_pb_section fb_built=&#8221;1&#8243; custom_padding_last_edited=&#8221;on|desktop&#8221; _builder_version=&#8221;4.27.4&#8243; _module_preset=&#8221;default&#8221; custom_margin=&#8221;0px||0px||false|false&#8221; custom_padding=&#8221;60px||60px||false|false&#8221; custom_padding_tablet=&#8221;||||false|false&#8221; custom_padding_phone=&#8221;30px||30px||false|false&#8221; border_width_bottom=&#8221;1px&#8221; global_colors_info=&#8221;{}&#8221;][et_pb_row admin_label=&#8221;Rad&#8221; _builder_version=&#8221;4.27.4&#8243; _module_preset=&#8221;default&#8221; width_tablet=&#8221;&#8221; width_phone=&#8221;88%&#8221; width_last_edited=&#8221;on|phone&#8221; custom_margin=&#8221;||||false|false&#8221; custom_padding=&#8221;20px||0px||false|false&#8221; global_module=&#8221;8024&#8243; saved_tabs=&#8221;all&#8221; global_colors_info=&#8221;{}&#8221;][et_pb_column type=&#8221;4_4&#8243; _builder_version=&#8221;4.27.4&#8243; _module_preset=&#8221;default&#8221; global_colors_info=&#8221;{}&#8221;][et_pb_text disabled_on=&#8221;off|off|off&#8221; _builder_version=&#8221;4.27.4&#8243; _dynamic_attributes=&#8221;content&#8221; _module_preset=&#8221;default&#8221; text_font=&#8221;Inter|700||on|||||&#8221; text_text_color=&#8221;#1E1E1E&#8221; text_font_size=&#8221;14px&#8221; text_letter_spacing=&#8221;1px&#8221; max_width=&#8221;690px&#8221; custom_margin=&#8221;0px||0px||false|false&#8221; custom_padding=&#8221;0px||15px||false|false&#8221; custom_padding_tablet=&#8221;0px||15px||false|false&#8221; custom_padding_phone=&#8221;0px||15px||false|false&#8221; custom_padding_last_edited=&#8221;on|phone&#8221; global_colors_info=&#8221;{}&#8221;]@ET-DC@eyJkeW5hbWljIjp0cnVlLCJjb250ZW50IjoicG9zdF9jYXRlZ29yaWVzIiwic2V0dGluZ3MiOnsiYmVmb3JlIjoiIiwiYWZ0ZXIiOiIiLCJsaW5rX3RvX3Rlcm1fcGFnZSI6Im9mZiIsInNlcGFyYXRvciI6IiB8ICIsImNhdGVnb3J5X3R5cGUiOiJwcm9qZWN0X2NhdGVnb3J5In19@[\/et_pb_text][et_pb_post_title meta=&#8221;off&#8221; featured_image=&#8221;off&#8221; _builder_version=&#8221;4.27.4&#8243; _module_preset=&#8221;default&#8221; title_level=&#8221;h2&#8243; custom_margin=&#8221;||29px|||&#8221; global_colors_info=&#8221;{}&#8221;][\/et_pb_post_title][\/et_pb_column][\/et_pb_row][et_pb_row column_structure=&#8221;1_4,3_4&#8243; _builder_version=&#8221;4.27.4&#8243; _module_preset=&#8221;default&#8221; width_tablet=&#8221;&#8221; width_phone=&#8221;88%&#8221; width_last_edited=&#8221;on|phone&#8221; custom_margin=&#8221;||||false|false&#8221; custom_padding=&#8221;0px||30px||false|false&#8221; global_colors_info=&#8221;{}&#8221;][et_pb_column type=&#8221;1_4&#8243; _builder_version=&#8221;4.27.4&#8243; _module_preset=&#8221;default&#8221; global_colors_info=&#8221;{}&#8221;][et_pb_text disabled_on=&#8221;on|on|on&#8221; _builder_version=&#8221;4.27.4&#8243; _dynamic_attributes=&#8221;content&#8221; _module_preset=&#8221;default&#8221; text_font=&#8221;Inter|700||on|||||&#8221; text_text_color=&#8221;#1E1E1E&#8221; text_font_size=&#8221;14px&#8221; text_letter_spacing=&#8221;1px&#8221; max_width=&#8221;690px&#8221; custom_padding=&#8221;30px||30px||false|false&#8221; custom_padding_tablet=&#8221;0px||0px||false|false&#8221; custom_padding_phone=&#8221;0px||0px||false|false&#8221; custom_padding_last_edited=&#8221;on|tablet&#8221; disabled=&#8221;on&#8221; global_colors_info=&#8221;{}&#8221;]@ET-DC@eyJkeW5hbWljIjp0cnVlLCJjb250ZW50IjoicG9zdF9jYXRlZ29yaWVzIiwic2V0dGluZ3MiOnsiYmVmb3JlIjoiIiwiYWZ0ZXIiOiIiLCJsaW5rX3RvX3Rlcm1fcGFnZSI6Im9mZiIsInNlcGFyYXRvciI6IiZhbXA7IiwiY2F0ZWdvcnlfdHlwZSI6InByb2plY3RfY2F0ZWdvcnkifX0=@[\/et_pb_text][\/et_pb_column][et_pb_column type=&#8221;3_4&#8243; _builder_version=&#8221;4.27.4&#8243; _module_preset=&#8221;default&#8221; global_colors_info=&#8221;{}&#8221;][et_pb_text _builder_version=&#8221;4.27.4&#8243; _module_preset=&#8221;default&#8221; max_width=&#8221;690px&#8221; custom_padding=&#8221;30px||30px||false|false&#8221; custom_padding_tablet=&#8221;0px||0px||false|false&#8221; custom_padding_phone=&#8221;0px||0px||false|false&#8221; custom_padding_last_edited=&#8221;on|tablet&#8221; global_colors_info=&#8221;{}&#8221;]<\/p>\n<p class=\"p1\">En stiliserad inredningsscen inspirerad av 1920-talets art deco-estetik \u2013 med starka f\u00e4rgkontraster, geometriska former och ett st\u00e4nk av teatralt ljus. Jag ville f\u00e5nga en k\u00e4nsla av elegans och stillsam lyx, men med en lekfull och nutida twist. Projektet gjordes som ett personligt experiment d\u00e4r jag utforskade f\u00e4rgblock, rytm och visuell balans \u2013 hur varje m\u00f6bel och skugga bidrar till helheten. Skissad f\u00f6r hand och f\u00e4rdigst\u00e4lld i Illustrator.   <\/p>\n<p>[\/et_pb_text][\/et_pb_column][\/et_pb_row][et_pb_row use_custom_gutter=&#8221;on&#8221; gutter_width=&#8221;2&#8243; _builder_version=&#8221;4.27.4&#8243; _module_preset=&#8221;default&#8221; width=&#8221;88%&#8221; width_tablet=&#8221;&#8221; width_phone=&#8221;88%&#8221; width_last_edited=&#8221;on|phone&#8221; custom_margin=&#8221;||||false|false&#8221; custom_padding=&#8221;0px||0px||false|false&#8221; global_colors_info=&#8221;{}&#8221;][et_pb_column type=&#8221;4_4&#8243; _builder_version=&#8221;4.27.4&#8243; _module_preset=&#8221;default&#8221; global_colors_info=&#8221;{}&#8221;][et_pb_image src=&#8221;https:\/\/majacronert.com\/wp-content\/uploads\/2025\/11\/1920s-Art-Deco-Living-room-Illustration-Maja-Cronert1800x1200.png&#8221; title_text=&#8221;1920-tal Art Deco Vardagsrum Illustration Maja Cronert1800x1200&#8243; _builder_version=&#8221;4.27.4&#8243; _module_preset=&#8221;default&#8221; custom_padding=&#8221;20px||20px||false|false&#8221; global_colors_info=&#8221;{}&#8221;][\/et_pb_image][\/et_pb_column][\/et_pb_row][et_pb_row column_structure=&#8221;1_2,1_2&#8243; use_custom_gutter=&#8221;on&#8221; gutter_width=&#8221;1&#8243; _builder_version=&#8221;4.27.4&#8243; _module_preset=&#8221;default&#8221; width=&#8221;88%&#8221; width_tablet=&#8221;&#8221; width_phone=&#8221;88%&#8221; width_last_edited=&#8221;on|phone&#8221; custom_margin=&#8221;||||false|false&#8221; custom_padding=&#8221;0px||0px||false|false&#8221; global_colors_info=&#8221;{}&#8221;][et_pb_column type=&#8221;1_2&#8243; _builder_version=&#8221;4.27.4&#8243; _module_preset=&#8221;default&#8221; global_colors_info=&#8221;{}&#8221;][et_pb_image src=&#8221;https:\/\/majacronert.com\/wp-content\/uploads\/2025\/11\/1920s-Art-Deco-Living-room-Illustration-Maja-Cronert900x1200_1-2.png&#8221; title_text=&#8221;1920s Art Deco vardagsrum Illustration Maja Cronert900x1200_1-2&#8243; _builder_version=&#8221;4.27.4&#8243; _module_preset=&#8221;default&#8221; custom_padding=&#8221;20px||20px||false|false&#8221; global_colors_info=&#8221;{}&#8221;][\/et_pb_image][\/et_pb_column][et_pb_column type=&#8221;1_2&#8243; _builder_version=&#8221;4.27.4&#8243; _module_preset=&#8221;default&#8221; global_colors_info=&#8221;{}&#8221;][et_pb_image src=&#8221;https:\/\/majacronert.com\/wp-content\/uploads\/2025\/11\/1920s-Art-Deco-Living-room-Illustration-Maja-Cronert900x1200-1.png&#8221; title_text=&#8221;1920s Art Deco vardagsrum Illustration Maja Cronert900x1200-1&#8243; _builder_version=&#8221;4.27.4&#8243; _module_preset=&#8221;default&#8221; custom_padding=&#8221;20px||20px||false|false&#8221; global_colors_info=&#8221;{}&#8221;][\/et_pb_image][\/et_pb_column][\/et_pb_row][et_pb_row use_custom_gutter=&#8221;on&#8221; gutter_width=&#8221;2&#8243; _builder_version=&#8221;4.27.4&#8243; _module_preset=&#8221;default&#8221; width=&#8221;88%&#8221; width_tablet=&#8221;&#8221; width_phone=&#8221;88%&#8221; width_last_edited=&#8221;on|phone&#8221; custom_margin=&#8221;||||false|false&#8221; custom_padding=&#8221;0px|0px|0px|0px|false|false&#8221; global_module=&#8221;8153&#8243; global_colors_info=&#8221;{}&#8221;][et_pb_column type=&#8221;4_4&#8243; _builder_version=&#8221;4.27.4&#8243; _module_preset=&#8221;default&#8221; global_colors_info=&#8221;{}&#8221;][et_pb_post_nav in_same_term=&#8221;off&#8221; prev_text=&#8221;F\u00f6reg\u00e5ende projekt&#8221; next_text=&#8221;N\u00e4sta projekt&#8221; prev_text_tablet=&#8221;&#8221; prev_text_phone=&#8221;F\u00f6reg\u00e5ende&#8221; prev_text_last_edited=&#8221;on|phone&#8221; next_text_tablet=&#8221;&#8221; next_text_phone=&#8221;N\u00e4sta&#8221; next_text_last_edited=&#8221;on|phone&#8221; _builder_version=&#8221;4.27.4&#8243; _module_preset=&#8221;default&#8221; title_font=&#8221;Inter|700||on|||||&#8221; title_text_color=&#8221;#1E1E1E&#8221; title_letter_spacing=&#8221;1px&#8221; width=&#8221;100%&#8221; max_width=&#8221;100%&#8221; module_alignment=&#8221;center&#8221; custom_margin=&#8221;|0px||0px|false|false&#8221; custom_padding=&#8221;|0px||0px|false|false&#8221; title_font_size_tablet=&#8221;13px&#8221; title_font_size_phone=&#8221;&#8221; title_font_size_last_edited=&#8221;on|phone&#8221; global_colors_info=&#8221;{}&#8221;][\/et_pb_post_nav][\/et_pb_column][\/et_pb_row][\/et_pb_section][et_pb_section fb_built=&#8221;1&#8243; custom_padding_last_edited=&#8221;on|tablet&#8221; disabled_on=&#8221;off|off|off&#8221; _builder_version=&#8221;4.27.4&#8243; _module_preset=&#8221;default&#8221; custom_padding=&#8221;30px||60px||false|false&#8221; custom_padding_tablet=&#8221;45px||60px||false|false&#8221; custom_padding_phone=&#8221;45px||60px||false|false&#8221; border_width_bottom=&#8221;1px&#8221; border_color_bottom=&#8221;#1E1E1E&#8221; global_module=&#8221;7978&#8243; saved_tabs=&#8221;all&#8221; global_colors_info=&#8221;{}&#8221;][et_pb_row use_custom_gutter=&#8221;on&#8221; gutter_width=&#8221;2&#8243; custom_padding_last_edited=&#8221;on|phone&#8221; _builder_version=&#8221;4.27.4&#8243; _module_preset=&#8221;default&#8221; width_tablet=&#8221;&#8221; width_phone=&#8221;88%&#8221; width_last_edited=&#8221;on|desktop&#8221; custom_margin=&#8221;||||false|false&#8221; custom_padding=&#8221;0px||0px||false|false&#8221; custom_padding_tablet=&#8221;&#8221; custom_padding_phone=&#8221;&#8221; global_colors_info=&#8221;{}&#8221;][et_pb_column type=&#8221;4_4&#8243; _builder_version=&#8221;4.27.4&#8243; _module_preset=&#8221;default&#8221; global_colors_info=&#8221;{}&#8221;][et_pb_text admin_label=&#8221;Text&#8221; _builder_version=&#8221;4.27.4&#8243; _module_preset=&#8221;default&#8221; text_orientation=&#8221;center&#8221; custom_margin=&#8221;30px||30px||false|false&#8221; custom_margin_tablet=&#8221;0px||15px||false|false&#8221; custom_margin_phone=&#8221;0px||15px||false|false&#8221; custom_margin_last_edited=&#8221;on|tablet&#8221; global_colors_info=&#8221;{}&#8221;]<\/p>\n<h2>Liknande projekt<\/h2>\n<p>[\/et_pb_text][et_pb_portfolio fullwidth=&#8221;off&#8221; posts_number=&#8221;4&#8243; include_categories=&#8221;current&#8221; show_categories=&#8221;off&#8221; show_pagination=&#8221;off&#8221; zoom_icon_color=&#8221;#F5F3EF&#8221; hover_overlay_color=&#8221;#A08132&#8243; hover_icon=&#8221;&#x4c;||divi||400&#8243; _builder_version=&#8221;4.27.4&#8243; _module_preset=&#8221;default&#8221; title_level=&#8221;h6&#8243; title_text_color=&#8221;#1E1E1E&#8221; global_colors_info=&#8221;{}&#8221;][\/et_pb_portfolio][et_pb_button button_url=&#8221;https:\/\/majacronert.com\/sv\/portfolio\/&#8221; button_text=&#8221;Tillbaka till portfolion&#8221; button_alignment=&#8221;center&#8221; module_class=&#8221;btn btn-center&#8221; _builder_version=&#8221;4.27.4&#8243; _module_preset=&#8221;default&#8221; custom_button=&#8221;on&#8221; button_font=&#8221;Inter|700|||||||&#8221; button_use_icon=&#8221;off&#8221; custom_margin=&#8221;30px||30px||false|false&#8221; custom_margin_tablet=&#8221;0px||0px||false|false&#8221; custom_margin_phone=&#8221;0px||0px||false|false&#8221; custom_margin_last_edited=&#8221;on|tablet&#8221; custom_padding=&#8221;25px|10%|25px|10%|false|false&#8221; global_colors_info=&#8221;{}&#8221;][\/et_pb_button][\/et_pb_column][\/et_pb_row][\/et_pb_section][et_pb_section fb_built=&#8221;1&#8243; custom_padding_last_edited=&#8221;on|tablet&#8221; _builder_version=&#8221;4.27.4&#8243; _module_preset=&#8221;default&#8221; background_color=&#8221;#F5F3EF&#8221; custom_padding=&#8221;30px||60px||false|false&#8221; custom_padding_tablet=&#8221;45px||60px||false|false&#8221; custom_padding_phone=&#8221;45px||60px||false|false&#8221; border_width_bottom=&#8221;1px&#8221; border_color_bottom=&#8221;#1E1E1E&#8221; global_module=&#8221;8399&#8243; global_colors_info=&#8221;{}&#8221;][et_pb_row _builder_version=&#8221;4.27.4&#8243; _module_preset=&#8221;default&#8221; width_tablet=&#8221;&#8221; width_phone=&#8221;88%&#8221; width_last_edited=&#8221;on|phone&#8221; custom_margin=&#8221;||||false|false&#8221; custom_padding=&#8221;0px||0px||false|false&#8221; global_colors_info=&#8221;{}&#8221;][et_pb_column type=&#8221;4_4&#8243; admin_label=&#8221;Kolumn&#8221; _builder_version=&#8221;4.27.4&#8243; _module_preset=&#8221;default&#8221; global_colors_info=&#8221;{}&#8221;][et_pb_text admin_label=&#8221;Text&#8221; _builder_version=&#8221;4.27.4&#8243; _module_preset=&#8221;default&#8221; custom_margin=&#8221;30px||30px||false|false&#8221; custom_margin_tablet=&#8221;0px||15px||false|false&#8221; custom_margin_phone=&#8221;0px||15px||false|false&#8221; custom_margin_last_edited=&#8221;on|phone&#8221; global_colors_info=&#8221;{}&#8221;]<\/p>\n<h2 style=\"text-align: center;\">Har du ett projekt p\u00e5 g\u00e5ng?<\/h2>\n<p>[\/et_pb_text][\/et_pb_column][\/et_pb_row][et_pb_row _builder_version=&#8221;4.27.4&#8243; _module_preset=&#8221;default&#8221; width_tablet=&#8221;&#8221; width_phone=&#8221;88%&#8221; width_last_edited=&#8221;on|phone&#8221; custom_margin=&#8221;||||false|false&#8221; custom_padding=&#8221;0px||0px||false|false&#8221; global_colors_info=&#8221;{}&#8221;][et_pb_column type=&#8221;4_4&#8243; _builder_version=&#8221;4.27.4&#8243; _module_preset=&#8221;default&#8221; global_colors_info=&#8221;{}&#8221;][et_pb_text _builder_version=&#8221;4.27.4&#8243; _module_preset=&#8221;default&#8221; text_orientation=&#8221;center&#8221; max_width=&#8221;690px&#8221; module_alignment=&#8221;center&#8221; custom_padding=&#8221;30px||30px||false|false&#8221; custom_padding_tablet=&#8221;0px||0px||false|false&#8221; custom_padding_phone=&#8221;0px||0px||false|false&#8221; custom_padding_last_edited=&#8221;on|tablet&#8221; global_colors_info=&#8221;{}&#8221;]<\/p>\n<p>Beh\u00f6ver du hj\u00e4lp med bokformgivning, illustration eller grafisk design? H\u00f6r av dig s\u00e5 pratar vi om ditt projekt.<\/p>\n<p>[\/et_pb_text][et_pb_button button_url=&#8221;https:\/\/majacronert.com\/sv\/kontakt\/&#8221; button_text=&#8221;Kontakta mig&#8221; button_alignment=&#8221;center&#8221; module_class=&#8221;btn btn-center&#8221; _builder_version=&#8221;4.27.4&#8243; _module_preset=&#8221;default&#8221; custom_button=&#8221;on&#8221; button_font=&#8221;Inter|700|||||||&#8221; button_use_icon=&#8221;off&#8221; custom_margin=&#8221;30px||30px||false|false&#8221; custom_margin_tablet=&#8221;0px||0px||false|false&#8221; custom_margin_phone=&#8221;0px||0px||false|false&#8221; custom_margin_last_edited=&#8221;on|tablet&#8221; custom_padding=&#8221;25px|10%|25px|10%|false|false&#8221; global_colors_info=&#8221;{}&#8221;][\/et_pb_button][\/et_pb_column][\/et_pb_row][\/et_pb_section]<\/p>\n","protected":false},"excerpt":{"rendered":"<p>En stiliserad inredningsscen inspirerad av 1920-talets art deco-estetik \u2013 med starka f\u00e4rgkontraster, geometriska former och ett st\u00e4nk av teatralt ljus. Jag ville f\u00e5nga en k\u00e4nsla av elegans och stillsam lyx, men med en lekfull och nutida twist. Projektet gjordes som ett personligt experiment d\u00e4r jag utforskade f\u00e4rgblock, rytm och visuell balans \u2013 hur varje m\u00f6bel [&hellip;]<\/p>\n","protected":false},"author":5,"featured_media":8735,"comment_status":"open","ping_status":"closed","template":"","meta":{"_et_pb_use_builder":"on","_et_pb_old_content":"","_et_gb_content_width":"","footnotes":""},"project_category":[171],"project_tag":[],"class_list":["post-8736","project","type-project","status-publish","has-post-thumbnail","hentry","project_category-illustration"],"yoast_head":"<!-- This site is optimized with the Yoast SEO plugin v27.5 - https:\/\/yoast.com\/product\/yoast-seo-wordpress\/ -->\n<title>1920-talets art deco-vardagsrum - Maja Cronert<\/title>\n<meta name=\"robots\" content=\"index, follow, max-snippet:-1, max-image-preview:large, max-video-preview:-1\" \/>\n<link rel=\"canonical\" href=\"https:\/\/majacronert.com\/sv\/project\/1920-talets-art-deco-vardagsrum\/\" \/>\n<meta property=\"og:locale\" content=\"sv_SE\" \/>\n<meta property=\"og:type\" content=\"article\" \/>\n<meta property=\"og:title\" content=\"1920-talets art deco-vardagsrum - Maja Cronert\" \/>\n<meta property=\"og:description\" content=\"En stiliserad inredningsscen inspirerad av 1920-talets art deco-estetik \u2013 med starka f\u00e4rgkontraster, geometriska former och ett st\u00e4nk av teatralt ljus. Jag ville f\u00e5nga en k\u00e4nsla av elegans och stillsam lyx, men med en lekfull och nutida twist. Projektet gjordes som ett personligt experiment d\u00e4r jag utforskade f\u00e4rgblock, rytm och visuell balans \u2013 hur varje m\u00f6bel [&hellip;]\" \/>\n<meta property=\"og:url\" content=\"https:\/\/majacronert.com\/sv\/project\/1920-talets-art-deco-vardagsrum\/\" \/>\n<meta property=\"og:site_name\" content=\"Maja Cronert\" \/>\n<meta property=\"article:modified_time\" content=\"2025-11-09T17:51:02+00:00\" \/>\n<meta property=\"og:image\" content=\"https:\/\/majacronert.com\/wp-content\/uploads\/2025\/11\/1920s-Art-Deco-Living-room-Illustration-Maja-CronertHero-5120x2450-1-scaled.png\" \/>\n\t<meta property=\"og:image:width\" content=\"1920\" \/>\n\t<meta property=\"og:image:height\" content=\"919\" \/>\n\t<meta property=\"og:image:type\" content=\"image\/png\" \/>\n<meta name=\"twitter:card\" content=\"summary_large_image\" \/>\n<meta name=\"twitter:label1\" content=\"Ber\u00e4knad l\u00e4stid\" \/>\n\t<meta name=\"twitter:data1\" content=\"8 minuter\" \/>\n<script type=\"application\/ld+json\" class=\"yoast-schema-graph\">{\"@context\":\"https:\\\/\\\/schema.org\",\"@graph\":[{\"@type\":\"WebPage\",\"@id\":\"https:\\\/\\\/majacronert.com\\\/sv\\\/project\\\/1920-talets-art-deco-vardagsrum\\\/\",\"url\":\"https:\\\/\\\/majacronert.com\\\/sv\\\/project\\\/1920-talets-art-deco-vardagsrum\\\/\",\"name\":\"1920-talets art deco-vardagsrum - Maja Cronert\",\"isPartOf\":{\"@id\":\"https:\\\/\\\/majacronert.com\\\/sv\\\/#website\"},\"primaryImageOfPage\":{\"@id\":\"https:\\\/\\\/majacronert.com\\\/sv\\\/project\\\/1920-talets-art-deco-vardagsrum\\\/#primaryimage\"},\"image\":{\"@id\":\"https:\\\/\\\/majacronert.com\\\/sv\\\/project\\\/1920-talets-art-deco-vardagsrum\\\/#primaryimage\"},\"thumbnailUrl\":\"https:\\\/\\\/majacronert.com\\\/wp-content\\\/uploads\\\/2025\\\/11\\\/1920s-Art-Deco-Living-room-Illustration-Maja-CronertHero-5120x2450-1-scaled.png\",\"datePublished\":\"2025-11-09T16:54:29+00:00\",\"dateModified\":\"2025-11-09T17:51:02+00:00\",\"breadcrumb\":{\"@id\":\"https:\\\/\\\/majacronert.com\\\/sv\\\/project\\\/1920-talets-art-deco-vardagsrum\\\/#breadcrumb\"},\"inLanguage\":\"sv-SE\",\"potentialAction\":[{\"@type\":\"ReadAction\",\"target\":[\"https:\\\/\\\/majacronert.com\\\/sv\\\/project\\\/1920-talets-art-deco-vardagsrum\\\/\"]}]},{\"@type\":\"ImageObject\",\"inLanguage\":\"sv-SE\",\"@id\":\"https:\\\/\\\/majacronert.com\\\/sv\\\/project\\\/1920-talets-art-deco-vardagsrum\\\/#primaryimage\",\"url\":\"https:\\\/\\\/majacronert.com\\\/wp-content\\\/uploads\\\/2025\\\/11\\\/1920s-Art-Deco-Living-room-Illustration-Maja-CronertHero-5120x2450-1-scaled.png\",\"contentUrl\":\"https:\\\/\\\/majacronert.com\\\/wp-content\\\/uploads\\\/2025\\\/11\\\/1920s-Art-Deco-Living-room-Illustration-Maja-CronertHero-5120x2450-1-scaled.png\",\"width\":1920,\"height\":919},{\"@type\":\"BreadcrumbList\",\"@id\":\"https:\\\/\\\/majacronert.com\\\/sv\\\/project\\\/1920-talets-art-deco-vardagsrum\\\/#breadcrumb\",\"itemListElement\":[{\"@type\":\"ListItem\",\"position\":1,\"name\":\"Home\",\"item\":\"https:\\\/\\\/majacronert.com\\\/sv\\\/\"},{\"@type\":\"ListItem\",\"position\":2,\"name\":\"Projekt\",\"item\":\"https:\\\/\\\/majacronert.com\\\/sv\\\/project\\\/\"},{\"@type\":\"ListItem\",\"position\":3,\"name\":\"1920-talets art deco-vardagsrum\"}]},{\"@type\":\"WebSite\",\"@id\":\"https:\\\/\\\/majacronert.com\\\/sv\\\/#website\",\"url\":\"https:\\\/\\\/majacronert.com\\\/sv\\\/\",\"name\":\"Maja Cronert\",\"description\":\"Illustration and graphic design\",\"potentialAction\":[{\"@type\":\"SearchAction\",\"target\":{\"@type\":\"EntryPoint\",\"urlTemplate\":\"https:\\\/\\\/majacronert.com\\\/sv\\\/?s={search_term_string}\"},\"query-input\":{\"@type\":\"PropertyValueSpecification\",\"valueRequired\":true,\"valueName\":\"search_term_string\"}}],\"inLanguage\":\"sv-SE\"}]}<\/script>\n<!-- \/ Yoast SEO plugin. -->","yoast_head_json":{"title":"1920-talets art deco-vardagsrum - Maja Cronert","robots":{"index":"index","follow":"follow","max-snippet":"max-snippet:-1","max-image-preview":"max-image-preview:large","max-video-preview":"max-video-preview:-1"},"canonical":"https:\/\/majacronert.com\/sv\/project\/1920-talets-art-deco-vardagsrum\/","og_locale":"sv_SE","og_type":"article","og_title":"1920-talets art deco-vardagsrum - Maja Cronert","og_description":"En stiliserad inredningsscen inspirerad av 1920-talets art deco-estetik \u2013 med starka f\u00e4rgkontraster, geometriska former och ett st\u00e4nk av teatralt ljus. Jag ville f\u00e5nga en k\u00e4nsla av elegans och stillsam lyx, men med en lekfull och nutida twist. Projektet gjordes som ett personligt experiment d\u00e4r jag utforskade f\u00e4rgblock, rytm och visuell balans \u2013 hur varje m\u00f6bel [&hellip;]","og_url":"https:\/\/majacronert.com\/sv\/project\/1920-talets-art-deco-vardagsrum\/","og_site_name":"Maja Cronert","article_modified_time":"2025-11-09T17:51:02+00:00","og_image":[{"width":1920,"height":919,"url":"https:\/\/majacronert.com\/wp-content\/uploads\/2025\/11\/1920s-Art-Deco-Living-room-Illustration-Maja-CronertHero-5120x2450-1-scaled.png","type":"image\/png"}],"twitter_card":"summary_large_image","twitter_misc":{"Ber\u00e4knad l\u00e4stid":"8 minuter"},"schema":{"@context":"https:\/\/schema.org","@graph":[{"@type":"WebPage","@id":"https:\/\/majacronert.com\/sv\/project\/1920-talets-art-deco-vardagsrum\/","url":"https:\/\/majacronert.com\/sv\/project\/1920-talets-art-deco-vardagsrum\/","name":"1920-talets art deco-vardagsrum - Maja Cronert","isPartOf":{"@id":"https:\/\/majacronert.com\/sv\/#website"},"primaryImageOfPage":{"@id":"https:\/\/majacronert.com\/sv\/project\/1920-talets-art-deco-vardagsrum\/#primaryimage"},"image":{"@id":"https:\/\/majacronert.com\/sv\/project\/1920-talets-art-deco-vardagsrum\/#primaryimage"},"thumbnailUrl":"https:\/\/majacronert.com\/wp-content\/uploads\/2025\/11\/1920s-Art-Deco-Living-room-Illustration-Maja-CronertHero-5120x2450-1-scaled.png","datePublished":"2025-11-09T16:54:29+00:00","dateModified":"2025-11-09T17:51:02+00:00","breadcrumb":{"@id":"https:\/\/majacronert.com\/sv\/project\/1920-talets-art-deco-vardagsrum\/#breadcrumb"},"inLanguage":"sv-SE","potentialAction":[{"@type":"ReadAction","target":["https:\/\/majacronert.com\/sv\/project\/1920-talets-art-deco-vardagsrum\/"]}]},{"@type":"ImageObject","inLanguage":"sv-SE","@id":"https:\/\/majacronert.com\/sv\/project\/1920-talets-art-deco-vardagsrum\/#primaryimage","url":"https:\/\/majacronert.com\/wp-content\/uploads\/2025\/11\/1920s-Art-Deco-Living-room-Illustration-Maja-CronertHero-5120x2450-1-scaled.png","contentUrl":"https:\/\/majacronert.com\/wp-content\/uploads\/2025\/11\/1920s-Art-Deco-Living-room-Illustration-Maja-CronertHero-5120x2450-1-scaled.png","width":1920,"height":919},{"@type":"BreadcrumbList","@id":"https:\/\/majacronert.com\/sv\/project\/1920-talets-art-deco-vardagsrum\/#breadcrumb","itemListElement":[{"@type":"ListItem","position":1,"name":"Home","item":"https:\/\/majacronert.com\/sv\/"},{"@type":"ListItem","position":2,"name":"Projekt","item":"https:\/\/majacronert.com\/sv\/project\/"},{"@type":"ListItem","position":3,"name":"1920-talets art deco-vardagsrum"}]},{"@type":"WebSite","@id":"https:\/\/majacronert.com\/sv\/#website","url":"https:\/\/majacronert.com\/sv\/","name":"Maja Cronert","description":"Illustration and graphic design","potentialAction":[{"@type":"SearchAction","target":{"@type":"EntryPoint","urlTemplate":"https:\/\/majacronert.com\/sv\/?s={search_term_string}"},"query-input":{"@type":"PropertyValueSpecification","valueRequired":true,"valueName":"search_term_string"}}],"inLanguage":"sv-SE"}]}},"_links":{"self":[{"href":"https:\/\/majacronert.com\/sv\/wp-json\/wp\/v2\/project\/8736","targetHints":{"allow":["GET"]}}],"collection":[{"href":"https:\/\/majacronert.com\/sv\/wp-json\/wp\/v2\/project"}],"about":[{"href":"https:\/\/majacronert.com\/sv\/wp-json\/wp\/v2\/types\/project"}],"author":[{"embeddable":true,"href":"https:\/\/majacronert.com\/sv\/wp-json\/wp\/v2\/users\/5"}],"replies":[{"embeddable":true,"href":"https:\/\/majacronert.com\/sv\/wp-json\/wp\/v2\/comments?post=8736"}],"version-history":[{"count":11,"href":"https:\/\/majacronert.com\/sv\/wp-json\/wp\/v2\/project\/8736\/revisions"}],"predecessor-version":[{"id":8754,"href":"https:\/\/majacronert.com\/sv\/wp-json\/wp\/v2\/project\/8736\/revisions\/8754"}],"wp:featuredmedia":[{"embeddable":true,"href":"https:\/\/majacronert.com\/sv\/wp-json\/wp\/v2\/media\/8735"}],"wp:attachment":[{"href":"https:\/\/majacronert.com\/sv\/wp-json\/wp\/v2\/media?parent=8736"}],"wp:term":[{"taxonomy":"project_category","embeddable":true,"href":"https:\/\/majacronert.com\/sv\/wp-json\/wp\/v2\/project_category?post=8736"},{"taxonomy":"project_tag","embeddable":true,"href":"https:\/\/majacronert.com\/sv\/wp-json\/wp\/v2\/project_tag?post=8736"}],"curies":[{"name":"wp","href":"https:\/\/api.w.org\/{rel}","templated":true}]}}